{"id":47093,"date":"2025-06-26T09:40:26","date_gmt":"2025-06-26T13:40:26","guid":{"rendered":"https:\/\/smartcherry.cl\/?post_type=podcast&#038;p=47093"},"modified":"2025-06-26T09:40:28","modified_gmt":"2025-06-26T13:40:28","slug":"capitulo-12-la-importancia-de-la-poda-invernal","status":"publish","type":"podcast","link":"https:\/\/smartcherry.cl\/en\/podcast\/capitulo-12-la-importancia-de-la-poda-invernal\/","title":{"rendered":"Cap\u00edtulo 12: La importancia de la poda invernal"},"content":{"rendered":"<p>Bienvenidos a un nuevo episodio de nuestro podcast. En esta ocasi\u00f3n, Tamara Rojas, Subgerente de Desarrollo de Mercado en Mart\u00ednez y Valdivieso, conversa con Christian Hilliger, T\u00e9cnico Zonal de \u00d1uble y Biob\u00edo, sobre un tema clave para la \u00e9poca invernal del cerezo en Chile: la poda. A lo largo de esta conversaci\u00f3n abordaremos pr\u00e1cticas fundamentales para prevenir y enfrentar hongos y bacterias, destacando la importancia del diagn\u00f3stico temprano y compartiendo soluciones innovadoras como BC1000 Poda, una herramienta que definitivamente deber\u00edas conocer. Acomp\u00e1\u00f1anos en este episodio lleno de recomendaciones pr\u00e1cticas para llevar tu manejo agr\u00edcola al siguiente nivel. \u00a1No te lo puedes perder!<\/p>\n\n\n\n<figure class=\"wp-block-embed is-type-rich is-provider-spotify wp-block-embed-spotify wp-embed-aspect-21-9 wp-has-aspect-ratio\"><div class=\"wp-block-embed__wrapper\">\n<iframe title=\"Spotify Embed: Cap\u00edtulo 12: La importancia de la poda invernal\" style=\"border-radius: 12px\" width=\"100%\" height=\"152\" frameborder=\"0\" allowfullscreen allow=\"autoplay; clipboard-write; encrypted-media; fullscreen; picture-in-picture\" loading=\"lazy\" src=\"https:\/\/open.spotify.com\/embed\/episode\/5SvCrXbPjLrBvEHbwG5xx0?si=AYUNfTuMTdKzQODH7IZPSg&#038;utm_source=oembed\"><\/iframe>\n<\/div><\/figure>\n\n\n\n<div class=\"wp-block-buttons is-content-justification-center is-layout-flex wp-container-core-buttons-is-layout-a89b3969 wp-block-buttons-is-layout-flex\">\n<div class=\"wp-block-button\"><a class=\"wp-block-button__link wp-element-button\" href=\"https:\/\/smartcherry.cl\/en\/proveedores\/myv\/\">More about MyV<\/a><\/div>\n<\/div>","protected":false},"excerpt":{"rendered":"<p>Bienvenidos a un nuevo episodio de nuestro podcast. En esta ocasi\u00f3n, Tamara Rojas, Subgerente de Desarrollo de Mercado en Mart\u00ednez y Valdivieso, conversa con Christian Hilliger, T\u00e9cnico Zonal de \u00d1uble [&hellip;]<\/p>\n","protected":false},"author":274,"featured_media":47094,"template":"","meta":{"_acf_changed":false,"inline_featured_image":false},"tags":[177,178,2049,4162],"category_proveedor":[],"category_podcast":[506],"pais":[],"class_list":["post-47093","podcast","type-podcast","status-publish","has-post-thumbnail","hentry","tag-podcast","tag-smartcherry","tag-myv","tag-poda-invernal","category_podcast-podcast"],"acf":[],"yoast_head":"<!-- This site is optimized with the Yoast SEO Premium plugin v21.3 (Yoast SEO v27.3) - https:\/\/yoast.com\/product\/yoast-seo-premium-wordpress\/ -->\n<title>Cap\u00edtulo 12: La importancia de la poda invernal - Smartcherry<\/title>\n<meta name=\"robots\" content=\"index, follow, max-snippet:-1, max-image-preview:large, max-video-preview:-1\" \/>\n<link rel=\"canonical\" href=\"https:\/\/smartcherry.cl\/en\/podcast\/capitulo-12-la-importancia-de-la-poda-invernal\/\" \/>\n<meta property=\"og:locale\" content=\"en_US\" \/>\n<meta property=\"og:type\" content=\"article\" \/>\n<meta property=\"og:title\" content=\"Cap\u00edtulo 12: La importancia de la poda invernal\" \/>\n<meta property=\"og:description\" content=\"Bienvenidos a un nuevo episodio de nuestro podcast. En esta ocasi\u00f3n, Tamara Rojas, Subgerente de Desarrollo de Mercado en Mart\u00ednez y Valdivieso, conversa con Christian Hilliger, T\u00e9cnico Zonal de \u00d1uble [&hellip;]\" \/>\n<meta property=\"og:url\" content=\"https:\/\/smartcherry.cl\/en\/podcast\/capitulo-12-la-importancia-de-la-poda-invernal\/\" \/>\n<meta property=\"og:site_name\" content=\"Smartcherry\" \/>\n<meta property=\"article:publisher\" content=\"https:\/\/web.facebook.com\/SmartCherry.cl\/\" \/>\n<meta property=\"article:modified_time\" content=\"2025-06-26T13:40:28+00:00\" \/>\n<meta property=\"og:image\" content=\"https:\/\/smartcherry.cl\/wp-content\/uploads\/2025\/06\/myv-podcast-1.jpeg\" \/>\n\t<meta property=\"og:image:width\" content=\"834\" \/>\n\t<meta property=\"og:image:height\" content=\"834\" \/>\n\t<meta property=\"og:image:type\" content=\"image\/jpeg\" \/>\n<meta name=\"twitter:card\" content=\"summary_large_image\" \/>\n<meta name=\"twitter:site\" content=\"@SmartCherry_cl\" \/>\n<meta name=\"twitter:label1\" content=\"Est. reading time\" \/>\n\t<meta name=\"twitter:data1\" content=\"1 minute\" \/>\n<script type=\"application\/ld+json\" class=\"yoast-schema-graph\">{\"@context\":\"https:\\\/\\\/schema.org\",\"@graph\":[{\"@type\":\"WebPage\",\"@id\":\"https:\\\/\\\/smartcherry.cl\\\/podcast\\\/capitulo-12-la-importancia-de-la-poda-invernal\\\/\",\"url\":\"https:\\\/\\\/smartcherry.cl\\\/podcast\\\/capitulo-12-la-importancia-de-la-poda-invernal\\\/\",\"name\":\"Cap\u00edtulo 12: La importancia de la poda invernal - Smartcherry\",\"isPartOf\":{\"@id\":\"https:\\\/\\\/smartcherry.cl\\\/#website\"},\"primaryImageOfPage\":{\"@id\":\"https:\\\/\\\/smartcherry.cl\\\/podcast\\\/capitulo-12-la-importancia-de-la-poda-invernal\\\/#primaryimage\"},\"image\":{\"@id\":\"https:\\\/\\\/smartcherry.cl\\\/podcast\\\/capitulo-12-la-importancia-de-la-poda-invernal\\\/#primaryimage\"},\"thumbnailUrl\":\"https:\\\/\\\/smartcherry.cl\\\/wp-content\\\/uploads\\\/2025\\\/06\\\/myv-podcast-1.jpeg\",\"datePublished\":\"2025-06-26T13:40:26+00:00\",\"dateModified\":\"2025-06-26T13:40:28+00:00\",\"breadcrumb\":{\"@id\":\"https:\\\/\\\/smartcherry.cl\\\/podcast\\\/capitulo-12-la-importancia-de-la-poda-invernal\\\/#breadcrumb\"},\"inLanguage\":\"en-US\",\"potentialAction\":[{\"@type\":\"ReadAction\",\"target\":[\"https:\\\/\\\/smartcherry.cl\\\/podcast\\\/capitulo-12-la-importancia-de-la-poda-invernal\\\/\"]}]},{\"@type\":\"ImageObject\",\"inLanguage\":\"en-US\",\"@id\":\"https:\\\/\\\/smartcherry.cl\\\/podcast\\\/capitulo-12-la-importancia-de-la-poda-invernal\\\/#primaryimage\",\"url\":\"https:\\\/\\\/smartcherry.cl\\\/wp-content\\\/uploads\\\/2025\\\/06\\\/myv-podcast-1.jpeg\",\"contentUrl\":\"https:\\\/\\\/smartcherry.cl\\\/wp-content\\\/uploads\\\/2025\\\/06\\\/myv-podcast-1.jpeg\",\"width\":834,\"height\":834},{\"@type\":\"BreadcrumbList\",\"@id\":\"https:\\\/\\\/smartcherry.cl\\\/podcast\\\/capitulo-12-la-importancia-de-la-poda-invernal\\\/#breadcrumb\",\"itemListElement\":[{\"@type\":\"ListItem\",\"position\":1,\"name\":\"Home\",\"item\":\"https:\\\/\\\/smartcherry.cl\\\/\"},{\"@type\":\"ListItem\",\"position\":2,\"name\":\"Podcasts\",\"item\":\"https:\\\/\\\/smartcherry.cl\\\/podcast\\\/\"},{\"@type\":\"ListItem\",\"position\":3,\"name\":\"Podcast\",\"item\":\"https:\\\/\\\/smartcherry.cl\\\/category_podcast\\\/podcast\\\/\"},{\"@type\":\"ListItem\",\"position\":4,\"name\":\"Cap\u00edtulo 12: La importancia de la poda invernal\"}]},{\"@type\":\"WebSite\",\"@id\":\"https:\\\/\\\/smartcherry.cl\\\/#website\",\"url\":\"https:\\\/\\\/smartcherry.cl\\\/\",\"name\":\"Smartcherry\",\"description\":\"Sitio de Smartcherry\",\"publisher\":{\"@id\":\"https:\\\/\\\/smartcherry.cl\\\/#organization\"},\"potentialAction\":[{\"@type\":\"SearchAction\",\"target\":{\"@type\":\"EntryPoint\",\"urlTemplate\":\"https:\\\/\\\/smartcherry.cl\\\/?s={search_term_string}\"},\"query-input\":{\"@type\":\"PropertyValueSpecification\",\"valueRequired\":true,\"valueName\":\"search_term_string\"}}],\"inLanguage\":\"en-US\"},{\"@type\":\"Organization\",\"@id\":\"https:\\\/\\\/smartcherry.cl\\\/#organization\",\"name\":\"SmartCherry\",\"url\":\"https:\\\/\\\/smartcherry.cl\\\/\",\"logo\":{\"@type\":\"ImageObject\",\"inLanguage\":\"en-US\",\"@id\":\"https:\\\/\\\/smartcherry.cl\\\/#\\\/schema\\\/logo\\\/image\\\/\",\"url\":\"https:\\\/\\\/smartcherry.cl\\\/wp-content\\\/uploads\\\/2022\\\/02\\\/logo_smartcherry.png\",\"contentUrl\":\"https:\\\/\\\/smartcherry.cl\\\/wp-content\\\/uploads\\\/2022\\\/02\\\/logo_smartcherry.png\",\"width\":411,\"height\":84,\"caption\":\"SmartCherry\"},\"image\":{\"@id\":\"https:\\\/\\\/smartcherry.cl\\\/#\\\/schema\\\/logo\\\/image\\\/\"},\"sameAs\":[\"https:\\\/\\\/web.facebook.com\\\/SmartCherry.cl\\\/\",\"https:\\\/\\\/x.com\\\/SmartCherry_cl\",\"https:\\\/\\\/www.linkedin.com\\\/company\\\/smartcherry\\\/\",\"https:\\\/\\\/www.instagram.com\\\/smartcherry_cl\\\/\",\"https:\\\/\\\/www.youtube.com\\\/channel\\\/UCe007LfgFFnntDgCcqICbPQ\"]}]}<\/script>\n<!-- \/ Yoast SEO Premium plugin. -->","yoast_head_json":{"title":"Cap\u00edtulo 12: La importancia de la poda invernal - Smartcherry","robots":{"index":"index","follow":"follow","max-snippet":"max-snippet:-1","max-image-preview":"max-image-preview:large","max-video-preview":"max-video-preview:-1"},"canonical":"https:\/\/smartcherry.cl\/en\/podcast\/capitulo-12-la-importancia-de-la-poda-invernal\/","og_locale":"en_US","og_type":"article","og_title":"Cap\u00edtulo 12: La importancia de la poda invernal","og_description":"Bienvenidos a un nuevo episodio de nuestro podcast. En esta ocasi\u00f3n, Tamara Rojas, Subgerente de Desarrollo de Mercado en Mart\u00ednez y Valdivieso, conversa con Christian Hilliger, T\u00e9cnico Zonal de \u00d1uble [&hellip;]","og_url":"https:\/\/smartcherry.cl\/en\/podcast\/capitulo-12-la-importancia-de-la-poda-invernal\/","og_site_name":"Smartcherry","article_publisher":"https:\/\/web.facebook.com\/SmartCherry.cl\/","article_modified_time":"2025-06-26T13:40:28+00:00","og_image":[{"width":834,"height":834,"url":"https:\/\/smartcherry.cl\/wp-content\/uploads\/2025\/06\/myv-podcast-1.jpeg","type":"image\/jpeg"}],"twitter_card":"summary_large_image","twitter_site":"@SmartCherry_cl","twitter_misc":{"Est. reading time":"1 minute"},"schema":{"@context":"https:\/\/schema.org","@graph":[{"@type":"WebPage","@id":"https:\/\/smartcherry.cl\/podcast\/capitulo-12-la-importancia-de-la-poda-invernal\/","url":"https:\/\/smartcherry.cl\/podcast\/capitulo-12-la-importancia-de-la-poda-invernal\/","name":"Cap\u00edtulo 12: La importancia de la poda invernal - Smartcherry","isPartOf":{"@id":"https:\/\/smartcherry.cl\/#website"},"primaryImageOfPage":{"@id":"https:\/\/smartcherry.cl\/podcast\/capitulo-12-la-importancia-de-la-poda-invernal\/#primaryimage"},"image":{"@id":"https:\/\/smartcherry.cl\/podcast\/capitulo-12-la-importancia-de-la-poda-invernal\/#primaryimage"},"thumbnailUrl":"https:\/\/smartcherry.cl\/wp-content\/uploads\/2025\/06\/myv-podcast-1.jpeg","datePublished":"2025-06-26T13:40:26+00:00","dateModified":"2025-06-26T13:40:28+00:00","breadcrumb":{"@id":"https:\/\/smartcherry.cl\/podcast\/capitulo-12-la-importancia-de-la-poda-invernal\/#breadcrumb"},"inLanguage":"en-US","potentialAction":[{"@type":"ReadAction","target":["https:\/\/smartcherry.cl\/podcast\/capitulo-12-la-importancia-de-la-poda-invernal\/"]}]},{"@type":"ImageObject","inLanguage":"en-US","@id":"https:\/\/smartcherry.cl\/podcast\/capitulo-12-la-importancia-de-la-poda-invernal\/#primaryimage","url":"https:\/\/smartcherry.cl\/wp-content\/uploads\/2025\/06\/myv-podcast-1.jpeg","contentUrl":"https:\/\/smartcherry.cl\/wp-content\/uploads\/2025\/06\/myv-podcast-1.jpeg","width":834,"height":834},{"@type":"BreadcrumbList","@id":"https:\/\/smartcherry.cl\/podcast\/capitulo-12-la-importancia-de-la-poda-invernal\/#breadcrumb","itemListElement":[{"@type":"ListItem","position":1,"name":"Home","item":"https:\/\/smartcherry.cl\/"},{"@type":"ListItem","position":2,"name":"Podcasts","item":"https:\/\/smartcherry.cl\/podcast\/"},{"@type":"ListItem","position":3,"name":"Podcast","item":"https:\/\/smartcherry.cl\/category_podcast\/podcast\/"},{"@type":"ListItem","position":4,"name":"Cap\u00edtulo 12: La importancia de la poda invernal"}]},{"@type":"WebSite","@id":"https:\/\/smartcherry.cl\/#website","url":"https:\/\/smartcherry.cl\/","name":"Smartcherry","description":"Smartcherry Site","publisher":{"@id":"https:\/\/smartcherry.cl\/#organization"},"potentialAction":[{"@type":"SearchAction","target":{"@type":"EntryPoint","urlTemplate":"https:\/\/smartcherry.cl\/?s={search_term_string}"},"query-input":{"@type":"PropertyValueSpecification","valueRequired":true,"valueName":"search_term_string"}}],"inLanguage":"en-US"},{"@type":"Organization","@id":"https:\/\/smartcherry.cl\/#organization","name":"SmartCherry","url":"https:\/\/smartcherry.cl\/","logo":{"@type":"ImageObject","inLanguage":"en-US","@id":"https:\/\/smartcherry.cl\/#\/schema\/logo\/image\/","url":"https:\/\/smartcherry.cl\/wp-content\/uploads\/2022\/02\/logo_smartcherry.png","contentUrl":"https:\/\/smartcherry.cl\/wp-content\/uploads\/2022\/02\/logo_smartcherry.png","width":411,"height":84,"caption":"SmartCherry"},"image":{"@id":"https:\/\/smartcherry.cl\/#\/schema\/logo\/image\/"},"sameAs":["https:\/\/web.facebook.com\/SmartCherry.cl\/","https:\/\/x.com\/SmartCherry_cl","https:\/\/www.linkedin.com\/company\/smartcherry\/","https:\/\/www.instagram.com\/smartcherry_cl\/","https:\/\/www.youtube.com\/channel\/UCe007LfgFFnntDgCcqICbPQ"]}]}},"_links":{"self":[{"href":"https:\/\/smartcherry.cl\/en\/wp-json\/wp\/v2\/podcast\/47093","targetHints":{"allow":["GET"]}}],"collection":[{"href":"https:\/\/smartcherry.cl\/en\/wp-json\/wp\/v2\/podcast"}],"about":[{"href":"https:\/\/smartcherry.cl\/en\/wp-json\/wp\/v2\/types\/podcast"}],"author":[{"embeddable":true,"href":"https:\/\/smartcherry.cl\/en\/wp-json\/wp\/v2\/users\/274"}],"wp:featuredmedia":[{"embeddable":true,"href":"https:\/\/smartcherry.cl\/en\/wp-json\/wp\/v2\/media\/47094"}],"wp:attachment":[{"href":"https:\/\/smartcherry.cl\/en\/wp-json\/wp\/v2\/media?parent=47093"}],"wp:term":[{"taxonomy":"post_tag","embeddable":true,"href":"https:\/\/smartcherry.cl\/en\/wp-json\/wp\/v2\/tags?post=47093"},{"taxonomy":"category_proveedor","embeddable":true,"href":"https:\/\/smartcherry.cl\/en\/wp-json\/wp\/v2\/category_proveedor?post=47093"},{"taxonomy":"category_podcast","embeddable":true,"href":"https:\/\/smartcherry.cl\/en\/wp-json\/wp\/v2\/category_podcast?post=47093"},{"taxonomy":"pais","embeddable":true,"href":"https:\/\/smartcherry.cl\/en\/wp-json\/wp\/v2\/pais?post=47093"}],"curies":[{"name":"wp","href":"https:\/\/api.w.org\/{rel}","templated":true}]}}