{"id":46593,"date":"2025-06-06T09:19:09","date_gmt":"2025-06-06T13:19:09","guid":{"rendered":"https:\/\/smartcherry.cl\/?post_type=podcast&#038;p=46593"},"modified":"2025-06-06T09:50:43","modified_gmt":"2025-06-06T13:50:43","slug":"capitulo-56-claudia-soler-reflexiona-en-torno-a-los-aprendizajes-que-deja-la-reciente-temporada-de-cerezas","status":"publish","type":"podcast","link":"https:\/\/smartcherry.cl\/en\/podcast\/capitulo-56-claudia-soler-reflexiona-en-torno-a-los-aprendizajes-que-deja-la-reciente-temporada-de-cerezas\/","title":{"rendered":"Cap\u00edtulo 56: Claudia Soler reflexiona en torno a los aprendizajes que deja la reciente temporada de cerezas"},"content":{"rendered":"<p>La directora ejecutiva del Comit\u00e9 de Cerezas de Frutas de Chile habl\u00f3 de las variables que gatillaron en la baja de precios en el fruto rojo, en nuestro principal mercado de destino, y c\u00f3mo a nivel gremial est\u00e1n trabajando en estrategias que permitan enfrentar el nuevo escenario, apostando a consolidar un trabajo m\u00e1s unido de todos los actores involucrados para producir, promocionar y exportar una fruta de mejor calidad y mejor consistencia ya que eso permitir\u00e1 sustentar el negocio a futuro y teniendo claro que mejorar la experiencia de compra es fundamental para generar lealtad en el consumo de esta especie frutal.<\/p>\n\n\n\n<figure class=\"wp-block-embed is-type-rich is-provider-spotify wp-block-embed-spotify wp-embed-aspect-21-9 wp-has-aspect-ratio\"><div class=\"wp-block-embed__wrapper\">\n<iframe title=\"Spotify Embed: Cap\u00edtulo 56: Claudia Soler aborda los factores que gatillaron en la baja de precios en el fruto rojo\" style=\"border-radius: 12px\" width=\"100%\" height=\"152\" frameborder=\"0\" allowfullscreen allow=\"autoplay; clipboard-write; encrypted-media; fullscreen; picture-in-picture\" loading=\"lazy\" src=\"https:\/\/open.spotify.com\/embed\/episode\/2M03BZFHJF02sypx2y3QWQ?si=WjUkMLMDRE23tzX_Dk6ZWA&#038;utm_source=oembed\"><\/iframe>\n<\/div><\/figure>","protected":false},"excerpt":{"rendered":"<p>La directora ejecutiva del Comit\u00e9 de Cerezas de Frutas de Chile habl\u00f3 de las variables que gatillaron en la baja de precios en el fruto rojo, en nuestro principal mercado [&hellip;]<\/p>\n","protected":false},"author":273,"featured_media":25212,"template":"","meta":{"_acf_changed":false,"inline_featured_image":false},"tags":[],"category_proveedor":[],"category_podcast":[167],"pais":[],"class_list":["post-46593","podcast","type-podcast","status-publish","has-post-thumbnail","hentry","category_podcast-smartcherry-interview"],"acf":[],"yoast_head":"<!-- This site is optimized with the Yoast SEO Premium plugin v21.3 (Yoast SEO v27.3) - https:\/\/yoast.com\/product\/yoast-seo-premium-wordpress\/ -->\n<title>Cap\u00edtulo 56: Claudia Soler reflexiona en torno a los aprendizajes que deja la reciente temporada de cerezas - Smartcherry<\/title>\n<meta name=\"robots\" content=\"index, follow, max-snippet:-1, max-image-preview:large, max-video-preview:-1\" \/>\n<link rel=\"canonical\" href=\"https:\/\/smartcherry.cl\/en\/podcast\/capitulo-56-claudia-soler-reflexiona-en-torno-a-los-aprendizajes-que-deja-la-reciente-temporada-de-cerezas\/\" \/>\n<meta property=\"og:locale\" content=\"en_US\" \/>\n<meta property=\"og:type\" content=\"article\" \/>\n<meta property=\"og:title\" content=\"Cap\u00edtulo 56: Claudia Soler reflexiona en torno a los aprendizajes que deja la reciente temporada de cerezas\" \/>\n<meta property=\"og:description\" content=\"La directora ejecutiva del Comit\u00e9 de Cerezas de Frutas de Chile habl\u00f3 de las variables que gatillaron en la baja de precios en el fruto rojo, en nuestro principal mercado [&hellip;]\" \/>\n<meta property=\"og:url\" content=\"https:\/\/smartcherry.cl\/en\/podcast\/capitulo-56-claudia-soler-reflexiona-en-torno-a-los-aprendizajes-que-deja-la-reciente-temporada-de-cerezas\/\" \/>\n<meta property=\"og:site_name\" content=\"Smartcherry\" \/>\n<meta property=\"article:publisher\" content=\"https:\/\/web.facebook.com\/SmartCherry.cl\/\" \/>\n<meta property=\"article:modified_time\" content=\"2025-06-06T13:50:43+00:00\" \/>\n<meta property=\"og:image\" content=\"https:\/\/smartcherry.cl\/wp-content\/uploads\/2023\/08\/smartcherry-interview-02.jpeg\" \/>\n\t<meta property=\"og:image:width\" content=\"528\" \/>\n\t<meta property=\"og:image:height\" content=\"528\" \/>\n\t<meta property=\"og:image:type\" content=\"image\/jpeg\" \/>\n<meta name=\"twitter:card\" content=\"summary_large_image\" \/>\n<meta name=\"twitter:site\" content=\"@SmartCherry_cl\" \/>\n<meta name=\"twitter:label1\" content=\"Est. reading time\" \/>\n\t<meta name=\"twitter:data1\" content=\"1 minute\" \/>\n<script type=\"application\/ld+json\" class=\"yoast-schema-graph\">{\"@context\":\"https:\\\/\\\/schema.org\",\"@graph\":[{\"@type\":\"WebPage\",\"@id\":\"https:\\\/\\\/smartcherry.cl\\\/podcast\\\/capitulo-56-claudia-soler-reflexiona-en-torno-a-los-aprendizajes-que-deja-la-reciente-temporada-de-cerezas\\\/\",\"url\":\"https:\\\/\\\/smartcherry.cl\\\/podcast\\\/capitulo-56-claudia-soler-reflexiona-en-torno-a-los-aprendizajes-que-deja-la-reciente-temporada-de-cerezas\\\/\",\"name\":\"Cap\u00edtulo 56: Claudia Soler reflexiona en torno a los aprendizajes que deja la reciente temporada de cerezas - Smartcherry\",\"isPartOf\":{\"@id\":\"https:\\\/\\\/smartcherry.cl\\\/#website\"},\"primaryImageOfPage\":{\"@id\":\"https:\\\/\\\/smartcherry.cl\\\/podcast\\\/capitulo-56-claudia-soler-reflexiona-en-torno-a-los-aprendizajes-que-deja-la-reciente-temporada-de-cerezas\\\/#primaryimage\"},\"image\":{\"@id\":\"https:\\\/\\\/smartcherry.cl\\\/podcast\\\/capitulo-56-claudia-soler-reflexiona-en-torno-a-los-aprendizajes-que-deja-la-reciente-temporada-de-cerezas\\\/#primaryimage\"},\"thumbnailUrl\":\"https:\\\/\\\/smartcherry.cl\\\/wp-content\\\/uploads\\\/2023\\\/08\\\/smartcherry-interview-02.jpeg\",\"datePublished\":\"2025-06-06T13:19:09+00:00\",\"dateModified\":\"2025-06-06T13:50:43+00:00\",\"breadcrumb\":{\"@id\":\"https:\\\/\\\/smartcherry.cl\\\/podcast\\\/capitulo-56-claudia-soler-reflexiona-en-torno-a-los-aprendizajes-que-deja-la-reciente-temporada-de-cerezas\\\/#breadcrumb\"},\"inLanguage\":\"en-US\",\"potentialAction\":[{\"@type\":\"ReadAction\",\"target\":[\"https:\\\/\\\/smartcherry.cl\\\/podcast\\\/capitulo-56-claudia-soler-reflexiona-en-torno-a-los-aprendizajes-que-deja-la-reciente-temporada-de-cerezas\\\/\"]}]},{\"@type\":\"ImageObject\",\"inLanguage\":\"en-US\",\"@id\":\"https:\\\/\\\/smartcherry.cl\\\/podcast\\\/capitulo-56-claudia-soler-reflexiona-en-torno-a-los-aprendizajes-que-deja-la-reciente-temporada-de-cerezas\\\/#primaryimage\",\"url\":\"https:\\\/\\\/smartcherry.cl\\\/wp-content\\\/uploads\\\/2023\\\/08\\\/smartcherry-interview-02.jpeg\",\"contentUrl\":\"https:\\\/\\\/smartcherry.cl\\\/wp-content\\\/uploads\\\/2023\\\/08\\\/smartcherry-interview-02.jpeg\",\"width\":528,\"height\":528},{\"@type\":\"BreadcrumbList\",\"@id\":\"https:\\\/\\\/smartcherry.cl\\\/podcast\\\/capitulo-56-claudia-soler-reflexiona-en-torno-a-los-aprendizajes-que-deja-la-reciente-temporada-de-cerezas\\\/#breadcrumb\",\"itemListElement\":[{\"@type\":\"ListItem\",\"position\":1,\"name\":\"Home\",\"item\":\"https:\\\/\\\/smartcherry.cl\\\/\"},{\"@type\":\"ListItem\",\"position\":2,\"name\":\"Podcasts\",\"item\":\"https:\\\/\\\/smartcherry.cl\\\/podcast\\\/\"},{\"@type\":\"ListItem\",\"position\":3,\"name\":\"Podcast\",\"item\":\"https:\\\/\\\/smartcherry.cl\\\/category_podcast\\\/podcast\\\/\"},{\"@type\":\"ListItem\",\"position\":4,\"name\":\"SmartCherry Interview\",\"item\":\"https:\\\/\\\/smartcherry.cl\\\/category_podcast\\\/podcast\\\/smartcherry-interview\\\/\"},{\"@type\":\"ListItem\",\"position\":5,\"name\":\"Cap\u00edtulo 56: Claudia Soler reflexiona en torno a los aprendizajes que deja la reciente temporada de cerezas\"}]},{\"@type\":\"WebSite\",\"@id\":\"https:\\\/\\\/smartcherry.cl\\\/#website\",\"url\":\"https:\\\/\\\/smartcherry.cl\\\/\",\"name\":\"Smartcherry\",\"description\":\"Sitio de Smartcherry\",\"publisher\":{\"@id\":\"https:\\\/\\\/smartcherry.cl\\\/#organization\"},\"potentialAction\":[{\"@type\":\"SearchAction\",\"target\":{\"@type\":\"EntryPoint\",\"urlTemplate\":\"https:\\\/\\\/smartcherry.cl\\\/?s={search_term_string}\"},\"query-input\":{\"@type\":\"PropertyValueSpecification\",\"valueRequired\":true,\"valueName\":\"search_term_string\"}}],\"inLanguage\":\"en-US\"},{\"@type\":\"Organization\",\"@id\":\"https:\\\/\\\/smartcherry.cl\\\/#organization\",\"name\":\"SmartCherry\",\"url\":\"https:\\\/\\\/smartcherry.cl\\\/\",\"logo\":{\"@type\":\"ImageObject\",\"inLanguage\":\"en-US\",\"@id\":\"https:\\\/\\\/smartcherry.cl\\\/#\\\/schema\\\/logo\\\/image\\\/\",\"url\":\"https:\\\/\\\/smartcherry.cl\\\/wp-content\\\/uploads\\\/2022\\\/02\\\/logo_smartcherry.png\",\"contentUrl\":\"https:\\\/\\\/smartcherry.cl\\\/wp-content\\\/uploads\\\/2022\\\/02\\\/logo_smartcherry.png\",\"width\":411,\"height\":84,\"caption\":\"SmartCherry\"},\"image\":{\"@id\":\"https:\\\/\\\/smartcherry.cl\\\/#\\\/schema\\\/logo\\\/image\\\/\"},\"sameAs\":[\"https:\\\/\\\/web.facebook.com\\\/SmartCherry.cl\\\/\",\"https:\\\/\\\/x.com\\\/SmartCherry_cl\",\"https:\\\/\\\/www.linkedin.com\\\/company\\\/smartcherry\\\/\",\"https:\\\/\\\/www.instagram.com\\\/smartcherry_cl\\\/\",\"https:\\\/\\\/www.youtube.com\\\/channel\\\/UCe007LfgFFnntDgCcqICbPQ\"]}]}<\/script>\n<!-- \/ Yoast SEO Premium plugin. -->","yoast_head_json":{"title":"Cap\u00edtulo 56: Claudia Soler reflexiona en torno a los aprendizajes que deja la reciente temporada de cerezas - Smartcherry","robots":{"index":"index","follow":"follow","max-snippet":"max-snippet:-1","max-image-preview":"max-image-preview:large","max-video-preview":"max-video-preview:-1"},"canonical":"https:\/\/smartcherry.cl\/en\/podcast\/capitulo-56-claudia-soler-reflexiona-en-torno-a-los-aprendizajes-que-deja-la-reciente-temporada-de-cerezas\/","og_locale":"en_US","og_type":"article","og_title":"Cap\u00edtulo 56: Claudia Soler reflexiona en torno a los aprendizajes que deja la reciente temporada de cerezas","og_description":"La directora ejecutiva del Comit\u00e9 de Cerezas de Frutas de Chile habl\u00f3 de las variables que gatillaron en la baja de precios en el fruto rojo, en nuestro principal mercado [&hellip;]","og_url":"https:\/\/smartcherry.cl\/en\/podcast\/capitulo-56-claudia-soler-reflexiona-en-torno-a-los-aprendizajes-que-deja-la-reciente-temporada-de-cerezas\/","og_site_name":"Smartcherry","article_publisher":"https:\/\/web.facebook.com\/SmartCherry.cl\/","article_modified_time":"2025-06-06T13:50:43+00:00","og_image":[{"width":528,"height":528,"url":"https:\/\/smartcherry.cl\/wp-content\/uploads\/2023\/08\/smartcherry-interview-02.jpeg","type":"image\/jpeg"}],"twitter_card":"summary_large_image","twitter_site":"@SmartCherry_cl","twitter_misc":{"Est. reading time":"1 minute"},"schema":{"@context":"https:\/\/schema.org","@graph":[{"@type":"WebPage","@id":"https:\/\/smartcherry.cl\/podcast\/capitulo-56-claudia-soler-reflexiona-en-torno-a-los-aprendizajes-que-deja-la-reciente-temporada-de-cerezas\/","url":"https:\/\/smartcherry.cl\/podcast\/capitulo-56-claudia-soler-reflexiona-en-torno-a-los-aprendizajes-que-deja-la-reciente-temporada-de-cerezas\/","name":"Cap\u00edtulo 56: Claudia Soler reflexiona en torno a los aprendizajes que deja la reciente temporada de cerezas - Smartcherry","isPartOf":{"@id":"https:\/\/smartcherry.cl\/#website"},"primaryImageOfPage":{"@id":"https:\/\/smartcherry.cl\/podcast\/capitulo-56-claudia-soler-reflexiona-en-torno-a-los-aprendizajes-que-deja-la-reciente-temporada-de-cerezas\/#primaryimage"},"image":{"@id":"https:\/\/smartcherry.cl\/podcast\/capitulo-56-claudia-soler-reflexiona-en-torno-a-los-aprendizajes-que-deja-la-reciente-temporada-de-cerezas\/#primaryimage"},"thumbnailUrl":"https:\/\/smartcherry.cl\/wp-content\/uploads\/2023\/08\/smartcherry-interview-02.jpeg","datePublished":"2025-06-06T13:19:09+00:00","dateModified":"2025-06-06T13:50:43+00:00","breadcrumb":{"@id":"https:\/\/smartcherry.cl\/podcast\/capitulo-56-claudia-soler-reflexiona-en-torno-a-los-aprendizajes-que-deja-la-reciente-temporada-de-cerezas\/#breadcrumb"},"inLanguage":"en-US","potentialAction":[{"@type":"ReadAction","target":["https:\/\/smartcherry.cl\/podcast\/capitulo-56-claudia-soler-reflexiona-en-torno-a-los-aprendizajes-que-deja-la-reciente-temporada-de-cerezas\/"]}]},{"@type":"ImageObject","inLanguage":"en-US","@id":"https:\/\/smartcherry.cl\/podcast\/capitulo-56-claudia-soler-reflexiona-en-torno-a-los-aprendizajes-que-deja-la-reciente-temporada-de-cerezas\/#primaryimage","url":"https:\/\/smartcherry.cl\/wp-content\/uploads\/2023\/08\/smartcherry-interview-02.jpeg","contentUrl":"https:\/\/smartcherry.cl\/wp-content\/uploads\/2023\/08\/smartcherry-interview-02.jpeg","width":528,"height":528},{"@type":"BreadcrumbList","@id":"https:\/\/smartcherry.cl\/podcast\/capitulo-56-claudia-soler-reflexiona-en-torno-a-los-aprendizajes-que-deja-la-reciente-temporada-de-cerezas\/#breadcrumb","itemListElement":[{"@type":"ListItem","position":1,"name":"Home","item":"https:\/\/smartcherry.cl\/"},{"@type":"ListItem","position":2,"name":"Podcasts","item":"https:\/\/smartcherry.cl\/podcast\/"},{"@type":"ListItem","position":3,"name":"Podcast","item":"https:\/\/smartcherry.cl\/category_podcast\/podcast\/"},{"@type":"ListItem","position":4,"name":"SmartCherry Interview","item":"https:\/\/smartcherry.cl\/category_podcast\/podcast\/smartcherry-interview\/"},{"@type":"ListItem","position":5,"name":"Cap\u00edtulo 56: Claudia Soler reflexiona en torno a los aprendizajes que deja la reciente temporada de cerezas"}]},{"@type":"WebSite","@id":"https:\/\/smartcherry.cl\/#website","url":"https:\/\/smartcherry.cl\/","name":"Smartcherry","description":"Smartcherry Site","publisher":{"@id":"https:\/\/smartcherry.cl\/#organization"},"potentialAction":[{"@type":"SearchAction","target":{"@type":"EntryPoint","urlTemplate":"https:\/\/smartcherry.cl\/?s={search_term_string}"},"query-input":{"@type":"PropertyValueSpecification","valueRequired":true,"valueName":"search_term_string"}}],"inLanguage":"en-US"},{"@type":"Organization","@id":"https:\/\/smartcherry.cl\/#organization","name":"SmartCherry","url":"https:\/\/smartcherry.cl\/","logo":{"@type":"ImageObject","inLanguage":"en-US","@id":"https:\/\/smartcherry.cl\/#\/schema\/logo\/image\/","url":"https:\/\/smartcherry.cl\/wp-content\/uploads\/2022\/02\/logo_smartcherry.png","contentUrl":"https:\/\/smartcherry.cl\/wp-content\/uploads\/2022\/02\/logo_smartcherry.png","width":411,"height":84,"caption":"SmartCherry"},"image":{"@id":"https:\/\/smartcherry.cl\/#\/schema\/logo\/image\/"},"sameAs":["https:\/\/web.facebook.com\/SmartCherry.cl\/","https:\/\/x.com\/SmartCherry_cl","https:\/\/www.linkedin.com\/company\/smartcherry\/","https:\/\/www.instagram.com\/smartcherry_cl\/","https:\/\/www.youtube.com\/channel\/UCe007LfgFFnntDgCcqICbPQ"]}]}},"_links":{"self":[{"href":"https:\/\/smartcherry.cl\/en\/wp-json\/wp\/v2\/podcast\/46593","targetHints":{"allow":["GET"]}}],"collection":[{"href":"https:\/\/smartcherry.cl\/en\/wp-json\/wp\/v2\/podcast"}],"about":[{"href":"https:\/\/smartcherry.cl\/en\/wp-json\/wp\/v2\/types\/podcast"}],"author":[{"embeddable":true,"href":"https:\/\/smartcherry.cl\/en\/wp-json\/wp\/v2\/users\/273"}],"wp:featuredmedia":[{"embeddable":true,"href":"https:\/\/smartcherry.cl\/en\/wp-json\/wp\/v2\/media\/25212"}],"wp:attachment":[{"href":"https:\/\/smartcherry.cl\/en\/wp-json\/wp\/v2\/media?parent=46593"}],"wp:term":[{"taxonomy":"post_tag","embeddable":true,"href":"https:\/\/smartcherry.cl\/en\/wp-json\/wp\/v2\/tags?post=46593"},{"taxonomy":"category_proveedor","embeddable":true,"href":"https:\/\/smartcherry.cl\/en\/wp-json\/wp\/v2\/category_proveedor?post=46593"},{"taxonomy":"category_podcast","embeddable":true,"href":"https:\/\/smartcherry.cl\/en\/wp-json\/wp\/v2\/category_podcast?post=46593"},{"taxonomy":"pais","embeddable":true,"href":"https:\/\/smartcherry.cl\/en\/wp-json\/wp\/v2\/pais?post=46593"}],"curies":[{"name":"wp","href":"https:\/\/api.w.org\/{rel}","templated":true}]}}