{"id":22118,"date":"2023-04-28T20:12:52","date_gmt":"2023-04-28T23:12:52","guid":{"rendered":"https:\/\/smartcherry.cl\/?post_type=podcast&#038;p=22118"},"modified":"2024-09-24T14:51:24","modified_gmt":"2024-09-24T18:51:24","slug":"capitulo-29-primer-sistema-frontal-del-ano","status":"publish","type":"podcast","link":"https:\/\/smartcherry.cl\/en\/podcast\/capitulo-29-primer-sistema-frontal-del-ano\/","title":{"rendered":"Chapter 29: First frontal system of the year"},"content":{"rendered":"<p>We spoke with Patricio Gonz\u00e1lez, an agroclimatologist from the University of Talca, who talked about the first rains of the year and how the approaching winter will behave in terms of precipitation and frost.<\/p>\n\n\n\n<figure class=\"wp-block-embed is-type-rich is-provider-spotify wp-block-embed-spotify wp-embed-aspect-21-9 wp-has-aspect-ratio\"><div class=\"wp-block-embed__wrapper\">\n<iframe title=\"Spotify Embed: Chapter 28: First front-end system of the year\" style=\"border-radius: 12px\" width=\"100%\" height=\"152\" frameborder=\"0\" allowfullscreen allow=\"autoplay; clipboard-write; encrypted-media; fullscreen; picture-in-picture\" loading=\"lazy\" src=\"https:\/\/open.spotify.com\/embed\/episode\/025vq1EJpI40RcZYEBGdvR?si=W6yEI2eVRo-OPPuPaOGHgA&#038;utm_source=oembed\"><\/iframe>\n<\/div><\/figure>","protected":false},"excerpt":{"rendered":"<p>Conversamos con el Agroclimat\u00f3go de la Universidad de Talca, Patricio Gonz\u00e1lez, quien se refiri\u00f3 a las primeras lluvias del a\u00f1o y a c\u00f3mo se comportar\u00e1 el invierno que se acerca [&hellip;]<\/p>\n","protected":false},"author":239,"featured_media":21998,"template":"","meta":{"_acf_changed":false,"inline_featured_image":false},"tags":[235,1487],"category_proveedor":[],"category_podcast":[167],"pais":[3604],"class_list":["post-22118","podcast","type-podcast","status-publish","has-post-thumbnail","hentry","tag-lluvias","tag-patricio-gonzalez","category_podcast-smartcherry-interview","pais-chile"],"acf":[],"yoast_head":"<!-- This site is optimized with the Yoast SEO Premium plugin v21.3 (Yoast SEO v27.3) - https:\/\/yoast.com\/product\/yoast-seo-premium-wordpress\/ -->\n<title>Cap\u00edtulo 29: Primer sistema frontal del a\u00f1o - Smartcherry<\/title>\n<meta name=\"robots\" content=\"index, follow, max-snippet:-1, max-image-preview:large, max-video-preview:-1\" \/>\n<link rel=\"canonical\" href=\"https:\/\/smartcherry.cl\/en\/podcast\/capitulo-29-primer-sistema-frontal-del-ano\/\" \/>\n<meta property=\"og:locale\" content=\"en_US\" \/>\n<meta property=\"og:type\" content=\"article\" \/>\n<meta property=\"og:title\" content=\"Cap\u00edtulo 29: Primer sistema frontal del a\u00f1o\" \/>\n<meta property=\"og:description\" content=\"Conversamos con el Agroclimat\u00f3go de la Universidad de Talca, Patricio Gonz\u00e1lez, quien se refiri\u00f3 a las primeras lluvias del a\u00f1o y a c\u00f3mo se comportar\u00e1 el invierno que se acerca [&hellip;]\" \/>\n<meta property=\"og:url\" content=\"https:\/\/smartcherry.cl\/en\/podcast\/capitulo-29-primer-sistema-frontal-del-ano\/\" \/>\n<meta property=\"og:site_name\" content=\"Smartcherry\" \/>\n<meta property=\"article:publisher\" content=\"https:\/\/web.facebook.com\/SmartCherry.cl\/\" \/>\n<meta property=\"article:modified_time\" content=\"2024-09-24T18:51:24+00:00\" \/>\n<meta property=\"og:image\" content=\"https:\/\/smartcherry.cl\/wp-content\/uploads\/2023\/04\/smartcherry-interview-02.jpg.webp\" \/>\n\t<meta property=\"og:image:width\" content=\"528\" \/>\n\t<meta property=\"og:image:height\" content=\"528\" \/>\n\t<meta property=\"og:image:type\" content=\"image\/webp\" \/>\n<meta name=\"twitter:card\" content=\"summary_large_image\" \/>\n<meta name=\"twitter:site\" content=\"@SmartCherry_cl\" \/>\n<meta name=\"twitter:label1\" content=\"Est. reading time\" \/>\n\t<meta name=\"twitter:data1\" content=\"1 minute\" \/>\n<script type=\"application\/ld+json\" class=\"yoast-schema-graph\">{\"@context\":\"https:\\\/\\\/schema.org\",\"@graph\":[{\"@type\":\"WebPage\",\"@id\":\"https:\\\/\\\/smartcherry.cl\\\/podcast\\\/capitulo-29-primer-sistema-frontal-del-ano\\\/\",\"url\":\"https:\\\/\\\/smartcherry.cl\\\/podcast\\\/capitulo-29-primer-sistema-frontal-del-ano\\\/\",\"name\":\"Cap\u00edtulo 29: Primer sistema frontal del a\u00f1o - Smartcherry\",\"isPartOf\":{\"@id\":\"https:\\\/\\\/smartcherry.cl\\\/#website\"},\"primaryImageOfPage\":{\"@id\":\"https:\\\/\\\/smartcherry.cl\\\/podcast\\\/capitulo-29-primer-sistema-frontal-del-ano\\\/#primaryimage\"},\"image\":{\"@id\":\"https:\\\/\\\/smartcherry.cl\\\/podcast\\\/capitulo-29-primer-sistema-frontal-del-ano\\\/#primaryimage\"},\"thumbnailUrl\":\"https:\\\/\\\/smartcherry.cl\\\/wp-content\\\/uploads\\\/2023\\\/04\\\/smartcherry-interview-02.jpg.webp\",\"datePublished\":\"2023-04-28T23:12:52+00:00\",\"dateModified\":\"2024-09-24T18:51:24+00:00\",\"breadcrumb\":{\"@id\":\"https:\\\/\\\/smartcherry.cl\\\/podcast\\\/capitulo-29-primer-sistema-frontal-del-ano\\\/#breadcrumb\"},\"inLanguage\":\"en-US\",\"potentialAction\":[{\"@type\":\"ReadAction\",\"target\":[\"https:\\\/\\\/smartcherry.cl\\\/podcast\\\/capitulo-29-primer-sistema-frontal-del-ano\\\/\"]}]},{\"@type\":\"ImageObject\",\"inLanguage\":\"en-US\",\"@id\":\"https:\\\/\\\/smartcherry.cl\\\/podcast\\\/capitulo-29-primer-sistema-frontal-del-ano\\\/#primaryimage\",\"url\":\"https:\\\/\\\/smartcherry.cl\\\/wp-content\\\/uploads\\\/2023\\\/04\\\/smartcherry-interview-02.jpg.webp\",\"contentUrl\":\"https:\\\/\\\/smartcherry.cl\\\/wp-content\\\/uploads\\\/2023\\\/04\\\/smartcherry-interview-02.jpg.webp\",\"width\":528,\"height\":528},{\"@type\":\"BreadcrumbList\",\"@id\":\"https:\\\/\\\/smartcherry.cl\\\/podcast\\\/capitulo-29-primer-sistema-frontal-del-ano\\\/#breadcrumb\",\"itemListElement\":[{\"@type\":\"ListItem\",\"position\":1,\"name\":\"Home\",\"item\":\"https:\\\/\\\/smartcherry.cl\\\/\"},{\"@type\":\"ListItem\",\"position\":2,\"name\":\"Podcasts\",\"item\":\"https:\\\/\\\/smartcherry.cl\\\/podcast\\\/\"},{\"@type\":\"ListItem\",\"position\":3,\"name\":\"Podcast\",\"item\":\"https:\\\/\\\/smartcherry.cl\\\/category_podcast\\\/podcast\\\/\"},{\"@type\":\"ListItem\",\"position\":4,\"name\":\"SmartCherry Interview\",\"item\":\"https:\\\/\\\/smartcherry.cl\\\/category_podcast\\\/podcast\\\/smartcherry-interview\\\/\"},{\"@type\":\"ListItem\",\"position\":5,\"name\":\"Cap\u00edtulo 29: Primer sistema frontal del a\u00f1o\"}]},{\"@type\":\"WebSite\",\"@id\":\"https:\\\/\\\/smartcherry.cl\\\/#website\",\"url\":\"https:\\\/\\\/smartcherry.cl\\\/\",\"name\":\"Smartcherry\",\"description\":\"Sitio de Smartcherry\",\"publisher\":{\"@id\":\"https:\\\/\\\/smartcherry.cl\\\/#organization\"},\"potentialAction\":[{\"@type\":\"SearchAction\",\"target\":{\"@type\":\"EntryPoint\",\"urlTemplate\":\"https:\\\/\\\/smartcherry.cl\\\/?s={search_term_string}\"},\"query-input\":{\"@type\":\"PropertyValueSpecification\",\"valueRequired\":true,\"valueName\":\"search_term_string\"}}],\"inLanguage\":\"en-US\"},{\"@type\":\"Organization\",\"@id\":\"https:\\\/\\\/smartcherry.cl\\\/#organization\",\"name\":\"SmartCherry\",\"url\":\"https:\\\/\\\/smartcherry.cl\\\/\",\"logo\":{\"@type\":\"ImageObject\",\"inLanguage\":\"en-US\",\"@id\":\"https:\\\/\\\/smartcherry.cl\\\/#\\\/schema\\\/logo\\\/image\\\/\",\"url\":\"https:\\\/\\\/smartcherry.cl\\\/wp-content\\\/uploads\\\/2022\\\/02\\\/logo_smartcherry.png\",\"contentUrl\":\"https:\\\/\\\/smartcherry.cl\\\/wp-content\\\/uploads\\\/2022\\\/02\\\/logo_smartcherry.png\",\"width\":411,\"height\":84,\"caption\":\"SmartCherry\"},\"image\":{\"@id\":\"https:\\\/\\\/smartcherry.cl\\\/#\\\/schema\\\/logo\\\/image\\\/\"},\"sameAs\":[\"https:\\\/\\\/web.facebook.com\\\/SmartCherry.cl\\\/\",\"https:\\\/\\\/x.com\\\/SmartCherry_cl\",\"https:\\\/\\\/www.linkedin.com\\\/company\\\/smartcherry\\\/\",\"https:\\\/\\\/www.instagram.com\\\/smartcherry_cl\\\/\",\"https:\\\/\\\/www.youtube.com\\\/channel\\\/UCe007LfgFFnntDgCcqICbPQ\"]}]}<\/script>\n<!-- \/ Yoast SEO Premium plugin. -->","yoast_head_json":{"title":"Cap\u00edtulo 29: Primer sistema frontal del a\u00f1o - Smartcherry","robots":{"index":"index","follow":"follow","max-snippet":"max-snippet:-1","max-image-preview":"max-image-preview:large","max-video-preview":"max-video-preview:-1"},"canonical":"https:\/\/smartcherry.cl\/en\/podcast\/capitulo-29-primer-sistema-frontal-del-ano\/","og_locale":"en_US","og_type":"article","og_title":"Cap\u00edtulo 29: Primer sistema frontal del a\u00f1o","og_description":"Conversamos con el Agroclimat\u00f3go de la Universidad de Talca, Patricio Gonz\u00e1lez, quien se refiri\u00f3 a las primeras lluvias del a\u00f1o y a c\u00f3mo se comportar\u00e1 el invierno que se acerca [&hellip;]","og_url":"https:\/\/smartcherry.cl\/en\/podcast\/capitulo-29-primer-sistema-frontal-del-ano\/","og_site_name":"Smartcherry","article_publisher":"https:\/\/web.facebook.com\/SmartCherry.cl\/","article_modified_time":"2024-09-24T18:51:24+00:00","og_image":[{"width":528,"height":528,"url":"https:\/\/smartcherry.cl\/wp-content\/uploads\/2023\/04\/smartcherry-interview-02.jpg.webp","type":"image\/webp"}],"twitter_card":"summary_large_image","twitter_site":"@SmartCherry_cl","twitter_misc":{"Est. reading time":"1 minute"},"schema":{"@context":"https:\/\/schema.org","@graph":[{"@type":"WebPage","@id":"https:\/\/smartcherry.cl\/podcast\/capitulo-29-primer-sistema-frontal-del-ano\/","url":"https:\/\/smartcherry.cl\/podcast\/capitulo-29-primer-sistema-frontal-del-ano\/","name":"Cap\u00edtulo 29: Primer sistema frontal del a\u00f1o - Smartcherry","isPartOf":{"@id":"https:\/\/smartcherry.cl\/#website"},"primaryImageOfPage":{"@id":"https:\/\/smartcherry.cl\/podcast\/capitulo-29-primer-sistema-frontal-del-ano\/#primaryimage"},"image":{"@id":"https:\/\/smartcherry.cl\/podcast\/capitulo-29-primer-sistema-frontal-del-ano\/#primaryimage"},"thumbnailUrl":"https:\/\/smartcherry.cl\/wp-content\/uploads\/2023\/04\/smartcherry-interview-02.jpg.webp","datePublished":"2023-04-28T23:12:52+00:00","dateModified":"2024-09-24T18:51:24+00:00","breadcrumb":{"@id":"https:\/\/smartcherry.cl\/podcast\/capitulo-29-primer-sistema-frontal-del-ano\/#breadcrumb"},"inLanguage":"en-US","potentialAction":[{"@type":"ReadAction","target":["https:\/\/smartcherry.cl\/podcast\/capitulo-29-primer-sistema-frontal-del-ano\/"]}]},{"@type":"ImageObject","inLanguage":"en-US","@id":"https:\/\/smartcherry.cl\/podcast\/capitulo-29-primer-sistema-frontal-del-ano\/#primaryimage","url":"https:\/\/smartcherry.cl\/wp-content\/uploads\/2023\/04\/smartcherry-interview-02.jpg.webp","contentUrl":"https:\/\/smartcherry.cl\/wp-content\/uploads\/2023\/04\/smartcherry-interview-02.jpg.webp","width":528,"height":528},{"@type":"BreadcrumbList","@id":"https:\/\/smartcherry.cl\/podcast\/capitulo-29-primer-sistema-frontal-del-ano\/#breadcrumb","itemListElement":[{"@type":"ListItem","position":1,"name":"Home","item":"https:\/\/smartcherry.cl\/"},{"@type":"ListItem","position":2,"name":"Podcasts","item":"https:\/\/smartcherry.cl\/podcast\/"},{"@type":"ListItem","position":3,"name":"Podcast","item":"https:\/\/smartcherry.cl\/category_podcast\/podcast\/"},{"@type":"ListItem","position":4,"name":"SmartCherry Interview","item":"https:\/\/smartcherry.cl\/category_podcast\/podcast\/smartcherry-interview\/"},{"@type":"ListItem","position":5,"name":"Cap\u00edtulo 29: Primer sistema frontal del a\u00f1o"}]},{"@type":"WebSite","@id":"https:\/\/smartcherry.cl\/#website","url":"https:\/\/smartcherry.cl\/","name":"Smartcherry","description":"Smartcherry Site","publisher":{"@id":"https:\/\/smartcherry.cl\/#organization"},"potentialAction":[{"@type":"SearchAction","target":{"@type":"EntryPoint","urlTemplate":"https:\/\/smartcherry.cl\/?s={search_term_string}"},"query-input":{"@type":"PropertyValueSpecification","valueRequired":true,"valueName":"search_term_string"}}],"inLanguage":"en-US"},{"@type":"Organization","@id":"https:\/\/smartcherry.cl\/#organization","name":"SmartCherry","url":"https:\/\/smartcherry.cl\/","logo":{"@type":"ImageObject","inLanguage":"en-US","@id":"https:\/\/smartcherry.cl\/#\/schema\/logo\/image\/","url":"https:\/\/smartcherry.cl\/wp-content\/uploads\/2022\/02\/logo_smartcherry.png","contentUrl":"https:\/\/smartcherry.cl\/wp-content\/uploads\/2022\/02\/logo_smartcherry.png","width":411,"height":84,"caption":"SmartCherry"},"image":{"@id":"https:\/\/smartcherry.cl\/#\/schema\/logo\/image\/"},"sameAs":["https:\/\/web.facebook.com\/SmartCherry.cl\/","https:\/\/x.com\/SmartCherry_cl","https:\/\/www.linkedin.com\/company\/smartcherry\/","https:\/\/www.instagram.com\/smartcherry_cl\/","https:\/\/www.youtube.com\/channel\/UCe007LfgFFnntDgCcqICbPQ"]}]}},"_links":{"self":[{"href":"https:\/\/smartcherry.cl\/en\/wp-json\/wp\/v2\/podcast\/22118","targetHints":{"allow":["GET"]}}],"collection":[{"href":"https:\/\/smartcherry.cl\/en\/wp-json\/wp\/v2\/podcast"}],"about":[{"href":"https:\/\/smartcherry.cl\/en\/wp-json\/wp\/v2\/types\/podcast"}],"author":[{"embeddable":true,"href":"https:\/\/smartcherry.cl\/en\/wp-json\/wp\/v2\/users\/239"}],"wp:featuredmedia":[{"embeddable":true,"href":"https:\/\/smartcherry.cl\/en\/wp-json\/wp\/v2\/media\/21998"}],"wp:attachment":[{"href":"https:\/\/smartcherry.cl\/en\/wp-json\/wp\/v2\/media?parent=22118"}],"wp:term":[{"taxonomy":"post_tag","embeddable":true,"href":"https:\/\/smartcherry.cl\/en\/wp-json\/wp\/v2\/tags?post=22118"},{"taxonomy":"category_proveedor","embeddable":true,"href":"https:\/\/smartcherry.cl\/en\/wp-json\/wp\/v2\/category_proveedor?post=22118"},{"taxonomy":"category_podcast","embeddable":true,"href":"https:\/\/smartcherry.cl\/en\/wp-json\/wp\/v2\/category_podcast?post=22118"},{"taxonomy":"pais","embeddable":true,"href":"https:\/\/smartcherry.cl\/en\/wp-json\/wp\/v2\/pais?post=22118"}],"curies":[{"name":"wp","href":"https:\/\/api.w.org\/{rel}","templated":true}]}}