{"id":49702,"date":"2025-10-07T07:43:21","date_gmt":"2025-10-07T11:43:21","guid":{"rendered":"https:\/\/smartcherry.cl\/?post_type=infografias&#038;p=49702"},"modified":"2025-10-08T11:28:26","modified_gmt":"2025-10-08T15:28:26","slug":"panonychus-ulmi-y-tetranychus-urticae-aranitas-asociadas-al-cerezo","status":"publish","type":"infografias","link":"https:\/\/smartcherry.cl\/en\/infografias\/panonychus-ulmi-y-tetranychus-urticae-aranitas-asociadas-al-cerezo\/","title":{"rendered":"Panonychus ulmi y Tetranychus urticae: Ara\u00f1itas asociadas al cerezo"},"content":{"rendered":"<p><strong><em>La ara\u00f1ita roja europea, tambi\u00e9n conocida como Panonychus ulmi, y la ara\u00f1ita bimaculada, tambi\u00e9n denominada Tetranychus urticae, son dos especies de \u00e1caros fit\u00f3fagos asociados a varios cultivos y especies vegetales, entre ellos el cerezo.<\/em><\/strong><\/p>\n\n\n\n<p>Te mostramos en esta infograf\u00eda algunas de sus caracter\u00edsticas.<\/p>\n\n\n\n<figure class=\"wp-block-image size-large\"><img fetchpriority=\"high\" decoding=\"async\" width=\"1024\" height=\"624\" src=\"https:\/\/smartcherry.cl\/wp-content\/uploads\/2025\/10\/INFOGRAFIA-ARANITAS-v2-1-1024x624.jpg\" alt=\"\" class=\"wp-image-49704\" srcset=\"https:\/\/smartcherry.cl\/wp-content\/uploads\/2025\/10\/INFOGRAFIA-ARANITAS-v2-1-1024x624.jpg 1024w, https:\/\/smartcherry.cl\/wp-content\/uploads\/2025\/10\/INFOGRAFIA-ARANITAS-v2-1-300x183.jpg 300w, https:\/\/smartcherry.cl\/wp-content\/uploads\/2025\/10\/INFOGRAFIA-ARANITAS-v2-1-768x468.jpg 768w, https:\/\/smartcherry.cl\/wp-content\/uploads\/2025\/10\/INFOGRAFIA-ARANITAS-v2-1-1536x937.jpg 1536w, https:\/\/smartcherry.cl\/wp-content\/uploads\/2025\/10\/INFOGRAFIA-ARANITAS-v2-1-2048x1249.jpg 2048w, https:\/\/smartcherry.cl\/wp-content\/uploads\/2025\/10\/INFOGRAFIA-ARANITAS-v2-1-18x12.jpg 18w\" sizes=\"(max-width: 1024px) 100vw, 1024px\" \/><\/figure>\n\n\n\n<p><\/p>","protected":false},"excerpt":{"rendered":"<p>Revisa la siguiente infograf\u00eda.<\/p>","protected":false},"author":273,"featured_media":49703,"template":"","meta":{"_acf_changed":false,"inline_featured_image":false},"categories":[80],"class_list":["post-49702","infografias","type-infografias","status-publish","has-post-thumbnail","hentry","category-control-de-aranita"],"acf":[],"yoast_head":"<!-- This site is optimized with the Yoast SEO Premium plugin v21.3 (Yoast SEO v27.3) - https:\/\/yoast.com\/product\/yoast-seo-premium-wordpress\/ -->\n<title>Panonychus ulmi y Tetranychus urticae: Ara\u00f1itas asociadas al cerezo - Smartcherry<\/title>\n<meta name=\"description\" content=\"Panonychus ulmi y Tetranychus urticae: Ara\u00f1itas asociadas al cerezo\" \/>\n<meta name=\"robots\" content=\"index, follow, max-snippet:-1, max-image-preview:large, max-video-preview:-1\" \/>\n<link rel=\"canonical\" href=\"https:\/\/smartcherry.cl\/en\/infografias\/panonychus-ulmi-y-tetranychus-urticae-aranitas-asociadas-al-cerezo\/\" \/>\n<meta property=\"og:locale\" content=\"en_US\" \/>\n<meta property=\"og:type\" content=\"article\" \/>\n<meta property=\"og:title\" content=\"Panonychus ulmi y Tetranychus urticae: Ara\u00f1itas asociadas al cerezo\" \/>\n<meta property=\"og:description\" content=\"Panonychus ulmi y Tetranychus urticae: Ara\u00f1itas asociadas al cerezo\" \/>\n<meta property=\"og:url\" content=\"https:\/\/smartcherry.cl\/en\/infografias\/panonychus-ulmi-y-tetranychus-urticae-aranitas-asociadas-al-cerezo\/\" \/>\n<meta property=\"og:site_name\" content=\"Smartcherry\" \/>\n<meta property=\"article:publisher\" content=\"https:\/\/web.facebook.com\/SmartCherry.cl\/\" \/>\n<meta property=\"article:modified_time\" content=\"2025-10-08T15:28:26+00:00\" \/>\n<meta property=\"og:image\" content=\"https:\/\/smartcherry.cl\/wp-content\/uploads\/2025\/10\/INFOGRAFIA-ARANITAS-v2-scaled.jpg\" \/>\n\t<meta property=\"og:image:width\" content=\"2560\" \/>\n\t<meta property=\"og:image:height\" content=\"1561\" \/>\n\t<meta property=\"og:image:type\" content=\"image\/jpeg\" \/>\n<meta name=\"twitter:card\" content=\"summary_large_image\" \/>\n<meta name=\"twitter:site\" content=\"@SmartCherry_cl\" \/>\n<meta name=\"twitter:label1\" content=\"Est. reading time\" \/>\n\t<meta name=\"twitter:data1\" content=\"1 minute\" \/>\n<script type=\"application\/ld+json\" class=\"yoast-schema-graph\">{\"@context\":\"https:\\\/\\\/schema.org\",\"@graph\":[{\"@type\":\"WebPage\",\"@id\":\"https:\\\/\\\/smartcherry.cl\\\/infografias\\\/panonychus-ulmi-y-tetranychus-urticae-aranitas-asociadas-al-cerezo\\\/\",\"url\":\"https:\\\/\\\/smartcherry.cl\\\/infografias\\\/panonychus-ulmi-y-tetranychus-urticae-aranitas-asociadas-al-cerezo\\\/\",\"name\":\"Panonychus ulmi y Tetranychus urticae: Ara\u00f1itas asociadas al cerezo - Smartcherry\",\"isPartOf\":{\"@id\":\"https:\\\/\\\/smartcherry.cl\\\/#website\"},\"primaryImageOfPage\":{\"@id\":\"https:\\\/\\\/smartcherry.cl\\\/infografias\\\/panonychus-ulmi-y-tetranychus-urticae-aranitas-asociadas-al-cerezo\\\/#primaryimage\"},\"image\":{\"@id\":\"https:\\\/\\\/smartcherry.cl\\\/infografias\\\/panonychus-ulmi-y-tetranychus-urticae-aranitas-asociadas-al-cerezo\\\/#primaryimage\"},\"thumbnailUrl\":\"https:\\\/\\\/smartcherry.cl\\\/wp-content\\\/uploads\\\/2025\\\/10\\\/INFOGRAFIA-ARANITAS-v2-scaled.jpg\",\"datePublished\":\"2025-10-07T11:43:21+00:00\",\"dateModified\":\"2025-10-08T15:28:26+00:00\",\"description\":\"Panonychus ulmi y Tetranychus urticae: Ara\u00f1itas asociadas al cerezo\",\"breadcrumb\":{\"@id\":\"https:\\\/\\\/smartcherry.cl\\\/infografias\\\/panonychus-ulmi-y-tetranychus-urticae-aranitas-asociadas-al-cerezo\\\/#breadcrumb\"},\"inLanguage\":\"en-US\",\"potentialAction\":[{\"@type\":\"ReadAction\",\"target\":[\"https:\\\/\\\/smartcherry.cl\\\/infografias\\\/panonychus-ulmi-y-tetranychus-urticae-aranitas-asociadas-al-cerezo\\\/\"]}]},{\"@type\":\"ImageObject\",\"inLanguage\":\"en-US\",\"@id\":\"https:\\\/\\\/smartcherry.cl\\\/infografias\\\/panonychus-ulmi-y-tetranychus-urticae-aranitas-asociadas-al-cerezo\\\/#primaryimage\",\"url\":\"https:\\\/\\\/smartcherry.cl\\\/wp-content\\\/uploads\\\/2025\\\/10\\\/INFOGRAFIA-ARANITAS-v2-scaled.jpg\",\"contentUrl\":\"https:\\\/\\\/smartcherry.cl\\\/wp-content\\\/uploads\\\/2025\\\/10\\\/INFOGRAFIA-ARANITAS-v2-scaled.jpg\",\"width\":2560,\"height\":1561},{\"@type\":\"BreadcrumbList\",\"@id\":\"https:\\\/\\\/smartcherry.cl\\\/infografias\\\/panonychus-ulmi-y-tetranychus-urticae-aranitas-asociadas-al-cerezo\\\/#breadcrumb\",\"itemListElement\":[{\"@type\":\"ListItem\",\"position\":1,\"name\":\"Home\",\"item\":\"https:\\\/\\\/smartcherry.cl\\\/\"},{\"@type\":\"ListItem\",\"position\":2,\"name\":\"Infograf\u00edas\",\"item\":\"https:\\\/\\\/smartcherry.cl\\\/infografias\\\/\"},{\"@type\":\"ListItem\",\"position\":3,\"name\":\"Panonychus ulmi y Tetranychus urticae: Ara\u00f1itas asociadas al cerezo\"}]},{\"@type\":\"WebSite\",\"@id\":\"https:\\\/\\\/smartcherry.cl\\\/#website\",\"url\":\"https:\\\/\\\/smartcherry.cl\\\/\",\"name\":\"Smartcherry\",\"description\":\"Sitio de Smartcherry\",\"publisher\":{\"@id\":\"https:\\\/\\\/smartcherry.cl\\\/#organization\"},\"potentialAction\":[{\"@type\":\"SearchAction\",\"target\":{\"@type\":\"EntryPoint\",\"urlTemplate\":\"https:\\\/\\\/smartcherry.cl\\\/?s={search_term_string}\"},\"query-input\":{\"@type\":\"PropertyValueSpecification\",\"valueRequired\":true,\"valueName\":\"search_term_string\"}}],\"inLanguage\":\"en-US\"},{\"@type\":\"Organization\",\"@id\":\"https:\\\/\\\/smartcherry.cl\\\/#organization\",\"name\":\"SmartCherry\",\"url\":\"https:\\\/\\\/smartcherry.cl\\\/\",\"logo\":{\"@type\":\"ImageObject\",\"inLanguage\":\"en-US\",\"@id\":\"https:\\\/\\\/smartcherry.cl\\\/#\\\/schema\\\/logo\\\/image\\\/\",\"url\":\"https:\\\/\\\/smartcherry.cl\\\/wp-content\\\/uploads\\\/2022\\\/02\\\/logo_smartcherry.png\",\"contentUrl\":\"https:\\\/\\\/smartcherry.cl\\\/wp-content\\\/uploads\\\/2022\\\/02\\\/logo_smartcherry.png\",\"width\":411,\"height\":84,\"caption\":\"SmartCherry\"},\"image\":{\"@id\":\"https:\\\/\\\/smartcherry.cl\\\/#\\\/schema\\\/logo\\\/image\\\/\"},\"sameAs\":[\"https:\\\/\\\/web.facebook.com\\\/SmartCherry.cl\\\/\",\"https:\\\/\\\/x.com\\\/SmartCherry_cl\",\"https:\\\/\\\/www.linkedin.com\\\/company\\\/smartcherry\\\/\",\"https:\\\/\\\/www.instagram.com\\\/smartcherry_cl\\\/\",\"https:\\\/\\\/www.youtube.com\\\/channel\\\/UCe007LfgFFnntDgCcqICbPQ\"]}]}<\/script>\n<!-- \/ Yoast SEO Premium plugin. -->","yoast_head_json":{"title":"Panonychus ulmi y Tetranychus urticae: Ara\u00f1itas asociadas al cerezo - Smartcherry","description":"Panonychus ulmi y Tetranychus urticae: Ara\u00f1itas asociadas al cerezo","robots":{"index":"index","follow":"follow","max-snippet":"max-snippet:-1","max-image-preview":"max-image-preview:large","max-video-preview":"max-video-preview:-1"},"canonical":"https:\/\/smartcherry.cl\/en\/infografias\/panonychus-ulmi-y-tetranychus-urticae-aranitas-asociadas-al-cerezo\/","og_locale":"en_US","og_type":"article","og_title":"Panonychus ulmi y Tetranychus urticae: Ara\u00f1itas asociadas al cerezo","og_description":"Panonychus ulmi y Tetranychus urticae: Ara\u00f1itas asociadas al cerezo","og_url":"https:\/\/smartcherry.cl\/en\/infografias\/panonychus-ulmi-y-tetranychus-urticae-aranitas-asociadas-al-cerezo\/","og_site_name":"Smartcherry","article_publisher":"https:\/\/web.facebook.com\/SmartCherry.cl\/","article_modified_time":"2025-10-08T15:28:26+00:00","og_image":[{"width":2560,"height":1561,"url":"https:\/\/smartcherry.cl\/wp-content\/uploads\/2025\/10\/INFOGRAFIA-ARANITAS-v2-scaled.jpg","type":"image\/jpeg"}],"twitter_card":"summary_large_image","twitter_site":"@SmartCherry_cl","twitter_misc":{"Est. reading time":"1 minute"},"schema":{"@context":"https:\/\/schema.org","@graph":[{"@type":"WebPage","@id":"https:\/\/smartcherry.cl\/infografias\/panonychus-ulmi-y-tetranychus-urticae-aranitas-asociadas-al-cerezo\/","url":"https:\/\/smartcherry.cl\/infografias\/panonychus-ulmi-y-tetranychus-urticae-aranitas-asociadas-al-cerezo\/","name":"Panonychus ulmi y Tetranychus urticae: Ara\u00f1itas asociadas al cerezo - Smartcherry","isPartOf":{"@id":"https:\/\/smartcherry.cl\/#website"},"primaryImageOfPage":{"@id":"https:\/\/smartcherry.cl\/infografias\/panonychus-ulmi-y-tetranychus-urticae-aranitas-asociadas-al-cerezo\/#primaryimage"},"image":{"@id":"https:\/\/smartcherry.cl\/infografias\/panonychus-ulmi-y-tetranychus-urticae-aranitas-asociadas-al-cerezo\/#primaryimage"},"thumbnailUrl":"https:\/\/smartcherry.cl\/wp-content\/uploads\/2025\/10\/INFOGRAFIA-ARANITAS-v2-scaled.jpg","datePublished":"2025-10-07T11:43:21+00:00","dateModified":"2025-10-08T15:28:26+00:00","description":"Panonychus ulmi y Tetranychus urticae: Ara\u00f1itas asociadas al cerezo","breadcrumb":{"@id":"https:\/\/smartcherry.cl\/infografias\/panonychus-ulmi-y-tetranychus-urticae-aranitas-asociadas-al-cerezo\/#breadcrumb"},"inLanguage":"en-US","potentialAction":[{"@type":"ReadAction","target":["https:\/\/smartcherry.cl\/infografias\/panonychus-ulmi-y-tetranychus-urticae-aranitas-asociadas-al-cerezo\/"]}]},{"@type":"ImageObject","inLanguage":"en-US","@id":"https:\/\/smartcherry.cl\/infografias\/panonychus-ulmi-y-tetranychus-urticae-aranitas-asociadas-al-cerezo\/#primaryimage","url":"https:\/\/smartcherry.cl\/wp-content\/uploads\/2025\/10\/INFOGRAFIA-ARANITAS-v2-scaled.jpg","contentUrl":"https:\/\/smartcherry.cl\/wp-content\/uploads\/2025\/10\/INFOGRAFIA-ARANITAS-v2-scaled.jpg","width":2560,"height":1561},{"@type":"BreadcrumbList","@id":"https:\/\/smartcherry.cl\/infografias\/panonychus-ulmi-y-tetranychus-urticae-aranitas-asociadas-al-cerezo\/#breadcrumb","itemListElement":[{"@type":"ListItem","position":1,"name":"Home","item":"https:\/\/smartcherry.cl\/"},{"@type":"ListItem","position":2,"name":"Infograf\u00edas","item":"https:\/\/smartcherry.cl\/infografias\/"},{"@type":"ListItem","position":3,"name":"Panonychus ulmi y Tetranychus urticae: Ara\u00f1itas asociadas al cerezo"}]},{"@type":"WebSite","@id":"https:\/\/smartcherry.cl\/#website","url":"https:\/\/smartcherry.cl\/","name":"Smartcherry","description":"Smartcherry Site","publisher":{"@id":"https:\/\/smartcherry.cl\/#organization"},"potentialAction":[{"@type":"SearchAction","target":{"@type":"EntryPoint","urlTemplate":"https:\/\/smartcherry.cl\/?s={search_term_string}"},"query-input":{"@type":"PropertyValueSpecification","valueRequired":true,"valueName":"search_term_string"}}],"inLanguage":"en-US"},{"@type":"Organization","@id":"https:\/\/smartcherry.cl\/#organization","name":"SmartCherry","url":"https:\/\/smartcherry.cl\/","logo":{"@type":"ImageObject","inLanguage":"en-US","@id":"https:\/\/smartcherry.cl\/#\/schema\/logo\/image\/","url":"https:\/\/smartcherry.cl\/wp-content\/uploads\/2022\/02\/logo_smartcherry.png","contentUrl":"https:\/\/smartcherry.cl\/wp-content\/uploads\/2022\/02\/logo_smartcherry.png","width":411,"height":84,"caption":"SmartCherry"},"image":{"@id":"https:\/\/smartcherry.cl\/#\/schema\/logo\/image\/"},"sameAs":["https:\/\/web.facebook.com\/SmartCherry.cl\/","https:\/\/x.com\/SmartCherry_cl","https:\/\/www.linkedin.com\/company\/smartcherry\/","https:\/\/www.instagram.com\/smartcherry_cl\/","https:\/\/www.youtube.com\/channel\/UCe007LfgFFnntDgCcqICbPQ"]}]}},"_links":{"self":[{"href":"https:\/\/smartcherry.cl\/en\/wp-json\/wp\/v2\/infografias\/49702","targetHints":{"allow":["GET"]}}],"collection":[{"href":"https:\/\/smartcherry.cl\/en\/wp-json\/wp\/v2\/infografias"}],"about":[{"href":"https:\/\/smartcherry.cl\/en\/wp-json\/wp\/v2\/types\/infografias"}],"author":[{"embeddable":true,"href":"https:\/\/smartcherry.cl\/en\/wp-json\/wp\/v2\/users\/273"}],"wp:featuredmedia":[{"embeddable":true,"href":"https:\/\/smartcherry.cl\/en\/wp-json\/wp\/v2\/media\/49703"}],"wp:attachment":[{"href":"https:\/\/smartcherry.cl\/en\/wp-json\/wp\/v2\/media?parent=49702"}],"wp:term":[{"taxonomy":"category","embeddable":true,"href":"https:\/\/smartcherry.cl\/en\/wp-json\/wp\/v2\/categories?post=49702"}],"curies":[{"name":"wp","href":"https:\/\/api.w.org\/{rel}","templated":true}]}}